{"id":103,"date":"2015-04-10T10:45:49","date_gmt":"2015-04-10T10:45:49","guid":{"rendered":"http:\/\/von-beluga.de\/?page_id=103"},"modified":"2020-03-03T19:15:57","modified_gmt":"2020-03-03T18:15:57","slug":"dubai-von-beluga","status":"publish","type":"page","link":"https:\/\/von-beluga.de\/?page_id=103","title":{"rendered":"Dubai von Beluga"},"content":{"rendered":"<p>WT: 28.11.2010<a href=\"https:\/\/von-beluga.de\/wp-content\/uploads\/2015\/04\/Dubai-kopf.jpg\"><img loading=\"lazy\" decoding=\"async\" class=\" wp-image-106 size-medium alignright\" src=\"https:\/\/von-beluga.de\/wp-content\/uploads\/2015\/04\/Dubai-kopf-225x300.jpg\" alt=\"Dubai-kopf\" width=\"225\" height=\"300\" srcset=\"https:\/\/von-beluga.de\/wp-content\/uploads\/2015\/04\/Dubai-kopf-225x300.jpg 225w, https:\/\/von-beluga.de\/wp-content\/uploads\/2015\/04\/Dubai-kopf.jpg 576w\" sizes=\"auto, (max-width: 225px) 100vw, 225px\" \/><\/a><br \/>\nAusbildungskennzeichen:<br \/>\nRH1 (Vorz\u00fcglich), FPR1 (90 P.),UPR1 (95 P.),<br \/>\nStPr1 (98 P.), IPO1 (267 P.), IPO2, UPr 3, FPr3, FH1, BGH3, IPO3<br \/>\nZuchtbewertung: Vorz\u00fcglich 1<br \/>\nangek\u00f6rt 2016-17<br \/>\nHD\/ED normal<br \/>\nDNA-gepr\u00fcft<\/p>\n<p><em><span style=\"color: #ff0000;\">BSZS 2012, Ulm, JHKL, SG 123<br \/>\nSaarland-Jugendsiegerin 2012<br \/>\nRheinland-Pfalz-Jugendsiegerin 2012<br \/>\n<\/span><\/em><em><span style=\"color: #ff0000;\">Siegerin Karlsruhe 2012<br \/>\nOrtenau Siegerin\u00a0 2015 \u00a0\u00a0\u00a0\u00a0\u00a0\u00a0\u00a0\u00a0\u00a0\u00a0\u00a0\u00a0\u00a0\u00a0\u00a0\u00a0\u00a0\u00a0\u00a0\u00a0\u00a0\u00a0\u00a0\u00a0\u00a0\u00a0\u00a0\u00a0\u00a0\u00a0\u00a0\u00a0\u00a0\u00a0\u00a0\u00a0\u00a0\u00a0\u00a0\u00a0\u00a0\u00a0\u00a0\u00a0\u00a0\u00a0\u00a0\u00a0\u00a0\u00a0\u00a0\u00a0\u00a0\u00a0\u00a0\u00a0\u00a0\u00a0\u00a0\u00a0\u00a0\u00a0\u00a0\u00a0\u00a0\u00a0\u00a0\u00a0\u00a0\u00a0\u00a0\u00a0\u00a0\u00a0\u00a0\u00a0\u00a0\u00a0\u00a0\u00a0\u00a0\u00a0\u00a0\u00a0\u00a0\u00a0\u00a0\u00a0\u00a0\u00a0\u00a0\u00a0\u00a0\u00a0\u00a0\u00a0\u00a0\u00a0\u00a0\u00a0\u00a0\u00a0\u00a0 <\/span><\/em><em><span style=\"color: #ff0000;\">Herbst-Siegerin 2015<br \/>\nGerman Winner 2<\/span><\/em><em><span style=\"color: #ff0000;\">015<br \/>\nVDH Siegerin Leipzig 2015<br \/>\nRheinland-Pfalz-Siegerin 2014 und 2015<br \/>\nSaarlandsiegerin 2015<br \/>\nOrtenau-Siegerin 2015<br \/>\nVDH Jahressieger 2015\u00a0\u00a0\u00a0\u00a0\u00a0\u00a0\u00a0\u00a0\u00a0\u00a0\u00a0\u00a0\u00a0\u00a0\u00a0\u00a0\u00a0\u00a0\u00a0\u00a0\u00a0\u00a0\u00a0\u00a0\u00a0\u00a0\u00a0\u00a0\u00a0\u00a0\u00a0\u00a0\u00a0\u00a0\u00a0\u00a0\u00a0\u00a0\u00a0\u00a0\u00a0\u00a0\u00a0\u00a0\u00a0\u00a0\u00a0\u00a0\u00a0\u00a0\u00a0\u00a0\u00a0\u00a0\u00a0\u00a0\u00a0\u00a0\u00a0\u00a0\u00a0\u00a0\u00a0\u00a0\u00a0\u00a0\u00a0\u00a0\u00a0\u00a0\u00a0\u00a0\u00a0\u00a0\u00a0\u00a0\u00a0\u00a0\u00a0\u00a0\u00a0 \u00a0 \u00a0\u00a0\u00a0\u00a0\u00a0\u00a0\u00a0\u00a0\u00a0\u00a0 Siegerin Hannover 2017 \u00a0\u00a0\u00a0\u00a0\u00a0\u00a0\u00a0\u00a0\u00a0\u00a0\u00a0\u00a0\u00a0\u00a0\u00a0\u00a0\u00a0\u00a0\u00a0\u00a0\u00a0\u00a0\u00a0\u00a0\u00a0\u00a0\u00a0\u00a0\u00a0\u00a0\u00a0\u00a0\u00a0\u00a0\u00a0\u00a0\u00a0\u00a0\u00a0\u00a0\u00a0\u00a0\u00a0\u00a0\u00a0\u00a0\u00a0\u00a0\u00a0\u00a0\u00a0\u00a0\u00a0\u00a0\u00a0\u00a0\u00a0\u00a0\u00a0\u00a0\u00a0\u00a0\u00a0\u00a0\u00a0\u00a0\u00a0\u00a0\u00a0\u00a0\u00a0 \u00a0 \u00a0 \u00a0\u00a0 <\/span><span style=\"color: #ff0000;\"><br \/>\n<\/span><\/em><\/p>\n<p><em><span style=\"color: #ff0000;\"><strong>Champion des Jeunes de Luxemburg<\/strong><\/span><\/em><em><span style=\"color: #ff0000;\"><br \/>\n<\/span><\/em><em><span style=\"color: #ff0000;\"><strong>Deutscher Champion (VDH)<\/strong><br \/>\n<strong>Luxemburg Champion<\/strong><br \/>\n<\/span><\/em><em><strong><span style=\"color: #ff0000;\">Internationaler Ausstellungs Champion<\/span><\/strong><span style=\"color: #ff0000;\"><br \/>\n<strong>I<\/strong><\/span><\/em><em><span style=\"color: #ff0000;\"><strong>nternationaler Champion<\/strong><\/span><\/em><\/p>\n<p>Eigent\u00fcmer: Z\u00fcchter<br \/>\nKontakt: <a href=\"mailto:von-Beluga@t-online.de\">von-beluga@t-online.de<\/a><\/p>\n<p>Dubai auf Working\u00a0Dog: <a href=\"http:\/\/de.working-dog.eu\/dogs-details\/963780\/Dubai-von-Beluga\" target=\"_blank\" rel=\"noopener noreferrer\">http:\/\/de.working-dog.eu\/dogs-details\/963780\/Dubai-von-Beluga<\/a><br \/>\n<a href=\"https:\/\/von-beluga.de\/wp-content\/uploads\/2015\/04\/AT-Dubai.png\"><img loading=\"lazy\" decoding=\"async\" class=\"alignnone size-full wp-image-110\" src=\"https:\/\/von-beluga.de\/wp-content\/uploads\/2015\/04\/AT-Dubai.png\" alt=\"AT-Dubai\" width=\"802\" height=\"154\" srcset=\"https:\/\/von-beluga.de\/wp-content\/uploads\/2015\/04\/AT-Dubai.png 802w, https:\/\/von-beluga.de\/wp-content\/uploads\/2015\/04\/AT-Dubai-300x58.png 300w, https:\/\/von-beluga.de\/wp-content\/uploads\/2015\/04\/AT-Dubai-500x96.png 500w\" sizes=\"auto, (max-width: 802px) 100vw, 802px\" \/><\/a><\/p>\n<p><img loading=\"lazy\" decoding=\"async\" class=\" wp-image-107 aligncenter\" src=\"https:\/\/von-beluga.de\/wp-content\/uploads\/2015\/04\/Dubai-Stand-300x225.jpg\" alt=\"Dubai-Stand\" width=\"378\" height=\"287\" \/><\/p>\n<p>Mutter vom L &#8211; Wurf. WT: 11.05.2016\u00a0 (mit Newton vom Frankengold)<\/p>\n","protected":false},"excerpt":{"rendered":"<p>WT: 28.11.2010 Ausbildungskennzeichen: RH1 (Vorz\u00fcglich), FPR1 (90 P.),UPR1 (95 P.), StPr1 (98 P.), IPO1 (267 P.), IPO2, UPr 3, FPr3, FH1, BGH3, IPO3 Zuchtbewertung: Vorz\u00fcglich 1 angek\u00f6rt 2016-17 HD\/ED normal DNA-gepr\u00fcft BSZS 2012, Ulm, JHKL, SG 123 Saarland-Jugendsiegerin 2012 Rheinland-Pfalz-Jugendsiegerin &hellip; <a href=\"https:\/\/von-beluga.de\/?page_id=103\">Weiterlesen <span class=\"meta-nav\">&rarr;<\/span><\/a><\/p>\n","protected":false},"author":1,"featured_media":0,"parent":2435,"menu_order":0,"comment_status":"closed","ping_status":"closed","template":"","meta":{"footnotes":""},"class_list":["post-103","page","type-page","status-publish","hentry"],"_links":{"self":[{"href":"https:\/\/von-beluga.de\/index.php?rest_route=\/wp\/v2\/pages\/103","targetHints":{"allow":["GET"]}}],"collection":[{"href":"https:\/\/von-beluga.de\/index.php?rest_route=\/wp\/v2\/pages"}],"about":[{"href":"https:\/\/von-beluga.de\/index.php?rest_route=\/wp\/v2\/types\/page"}],"author":[{"embeddable":true,"href":"https:\/\/von-beluga.de\/index.php?rest_route=\/wp\/v2\/users\/1"}],"replies":[{"embeddable":true,"href":"https:\/\/von-beluga.de\/index.php?rest_route=%2Fwp%2Fv2%2Fcomments&post=103"}],"version-history":[{"count":13,"href":"https:\/\/von-beluga.de\/index.php?rest_route=\/wp\/v2\/pages\/103\/revisions"}],"predecessor-version":[{"id":3688,"href":"https:\/\/von-beluga.de\/index.php?rest_route=\/wp\/v2\/pages\/103\/revisions\/3688"}],"up":[{"embeddable":true,"href":"https:\/\/von-beluga.de\/index.php?rest_route=\/wp\/v2\/pages\/2435"}],"wp:attachment":[{"href":"https:\/\/von-beluga.de\/index.php?rest_route=%2Fwp%2Fv2%2Fmedia&parent=103"}],"curies":[{"name":"wp","href":"https:\/\/api.w.org\/{rel}","templated":true}]}}